{"id":10,"date":"2024-04-06T18:37:18","date_gmt":"2024-04-06T16:37:18","guid":{"rendered":"https:\/\/dujala.fr\/?page_id=10"},"modified":"2026-01-13T20:58:31","modified_gmt":"2026-01-13T19:58:31","slug":"le-lieu","status":"publish","type":"page","link":"https:\/\/dujala.fr\/index.php\/le-lieu\/","title":{"rendered":"Le lieu"},"content":{"rendered":"\n<figure class=\"wp-block-image size-large\"><img loading=\"lazy\" decoding=\"async\" width=\"1024\" height=\"681\" src=\"https:\/\/dujala.fr\/wp-content\/uploads\/2024\/04\/20200531_173750-1024x681.jpg\" alt=\"\" class=\"wp-image-12\" srcset=\"https:\/\/dujala.fr\/wp-content\/uploads\/2024\/04\/20200531_173750-1024x681.jpg 1024w, https:\/\/dujala.fr\/wp-content\/uploads\/2024\/04\/20200531_173750-300x199.jpg 300w, https:\/\/dujala.fr\/wp-content\/uploads\/2024\/04\/20200531_173750-768x511.jpg 768w, https:\/\/dujala.fr\/wp-content\/uploads\/2024\/04\/20200531_173750-1536x1021.jpg 1536w, https:\/\/dujala.fr\/wp-content\/uploads\/2024\/04\/20200531_173750-2048x1362.jpg 2048w\" sizes=\"auto, (max-width: 1024px) 100vw, 1024px\" \/><\/figure>\n\n\n\n<p>Au coeur de la campagne entre Rennes et Foug\u00e8res, les enfants sont accueillis dans la maison familiale \u00e0 Rives-du-Couesnon<\/p>\n\n\n\n<p>1 chambre et 1 salle de bain sont d\u00e9di\u00e9es aux enfants accueillis<\/p>\n\n\n\n<div class=\"wp-block-cover\"><img loading=\"lazy\" decoding=\"async\" width=\"1024\" height=\"461\" class=\"wp-block-cover__image-background wp-image-40\" alt=\"\" src=\"https:\/\/dujala.fr\/wp-content\/uploads\/2024\/04\/IMG_20240422_102520-1024x461.jpg\" data-object-fit=\"cover\" srcset=\"https:\/\/dujala.fr\/wp-content\/uploads\/2024\/04\/IMG_20240422_102520-1024x461.jpg 1024w, https:\/\/dujala.fr\/wp-content\/uploads\/2024\/04\/IMG_20240422_102520-300x135.jpg 300w, https:\/\/dujala.fr\/wp-content\/uploads\/2024\/04\/IMG_20240422_102520-768x346.jpg 768w, https:\/\/dujala.fr\/wp-content\/uploads\/2024\/04\/IMG_20240422_102520-1536x691.jpg 1536w, https:\/\/dujala.fr\/wp-content\/uploads\/2024\/04\/IMG_20240422_102520-2048x922.jpg 2048w, https:\/\/dujala.fr\/wp-content\/uploads\/2024\/04\/IMG_20240422_102520-1200x540.jpg 1200w, https:\/\/dujala.fr\/wp-content\/uploads\/2024\/04\/IMG_20240422_102520-1980x891.jpg 1980w\" sizes=\"auto, (max-width: 1024px) 100vw, 1024px\" \/><span aria-hidden=\"true\" class=\"wp-block-cover__background has-background-dim\"><\/span><div class=\"wp-block-cover__inner-container is-layout-flow wp-block-cover-is-layout-flow\">\n<p class=\"has-text-align-center has-large-font-size\"><\/p>\n<\/div><\/div>\n\n\n\n<figure class=\"wp-block-gallery has-nested-images columns-default is-cropped wp-block-gallery-1 is-layout-flex wp-block-gallery-is-layout-flex\"><\/figure>\n\n\n\n<p>A l&#8217;ext\u00e9rieur, un grand terrain attend les enfants : potager, petits fruits, verger, des poules et bien s\u00fbr, un espace pour jouer !<\/p>\n\n\n\n<figure class=\"wp-block-image size-large\"><img loading=\"lazy\" decoding=\"async\" width=\"1024\" height=\"461\" src=\"https:\/\/dujala.fr\/wp-content\/uploads\/2024\/04\/IMG_20230812_154400-1024x461.jpg\" alt=\"\" class=\"wp-image-11\" srcset=\"https:\/\/dujala.fr\/wp-content\/uploads\/2024\/04\/IMG_20230812_154400-1024x461.jpg 1024w, https:\/\/dujala.fr\/wp-content\/uploads\/2024\/04\/IMG_20230812_154400-300x135.jpg 300w, https:\/\/dujala.fr\/wp-content\/uploads\/2024\/04\/IMG_20230812_154400-768x346.jpg 768w, https:\/\/dujala.fr\/wp-content\/uploads\/2024\/04\/IMG_20230812_154400-1536x691.jpg 1536w, https:\/\/dujala.fr\/wp-content\/uploads\/2024\/04\/IMG_20230812_154400-2048x922.jpg 2048w\" sizes=\"auto, (max-width: 1024px) 100vw, 1024px\" \/><\/figure>\n\n\n\n<figure class=\"wp-block-image size-large\"><img loading=\"lazy\" decoding=\"async\" width=\"1024\" height=\"461\" src=\"https:\/\/dujala.fr\/wp-content\/uploads\/2024\/06\/IMG_20230601_110145-1024x461.jpg\" alt=\"\" class=\"wp-image-217\" srcset=\"https:\/\/dujala.fr\/wp-content\/uploads\/2024\/06\/IMG_20230601_110145-1024x461.jpg 1024w, https:\/\/dujala.fr\/wp-content\/uploads\/2024\/06\/IMG_20230601_110145-300x135.jpg 300w, https:\/\/dujala.fr\/wp-content\/uploads\/2024\/06\/IMG_20230601_110145-768x346.jpg 768w, https:\/\/dujala.fr\/wp-content\/uploads\/2024\/06\/IMG_20230601_110145-1536x691.jpg 1536w, https:\/\/dujala.fr\/wp-content\/uploads\/2024\/06\/IMG_20230601_110145-2048x922.jpg 2048w, https:\/\/dujala.fr\/wp-content\/uploads\/2024\/06\/IMG_20230601_110145-1200x540.jpg 1200w, https:\/\/dujala.fr\/wp-content\/uploads\/2024\/06\/IMG_20230601_110145-1980x891.jpg 1980w\" sizes=\"auto, (max-width: 1024px) 100vw, 1024px\" \/><\/figure>\n","protected":false},"excerpt":{"rendered":"<p>Au coeur de la campagne entre Rennes et Foug\u00e8res, les enfants sont accueillis dans la maison familiale \u00e0 Rives-du-Couesnon 1 chambre et 1 salle de bain sont d\u00e9di\u00e9es aux enfants accueillis A l&#8217;ext\u00e9rieur, un grand terrain attend les enfants : potager, petits fruits, verger, des poules et bien s\u00fbr, un espace pour jouer !<\/p>\n","protected":false},"author":1,"featured_media":0,"parent":0,"menu_order":0,"comment_status":"closed","ping_status":"closed","template":"","meta":{"footnotes":""},"class_list":["post-10","page","type-page","status-publish","hentry"],"yoast_head":"<!-- This site is optimized with the Yoast SEO plugin v23.6 - https:\/\/yoast.com\/wordpress\/plugins\/seo\/ -->\n<title>Le lieu - DUJALA<\/title>\n<meta name=\"robots\" content=\"index, follow, max-snippet:-1, max-image-preview:large, max-video-preview:-1\" \/>\n<link rel=\"canonical\" href=\"https:\/\/dujala.fr\/index.php\/le-lieu\/\" \/>\n<meta property=\"og:locale\" content=\"en_US\" \/>\n<meta property=\"og:type\" content=\"article\" \/>\n<meta property=\"og:title\" content=\"Le lieu - DUJALA\" \/>\n<meta property=\"og:description\" content=\"Au coeur de la campagne entre Rennes et Foug\u00e8res, les enfants sont accueillis dans la maison familiale \u00e0 Rives-du-Couesnon 1 chambre et 1 salle de bain sont d\u00e9di\u00e9es aux enfants accueillis A l&#8217;ext\u00e9rieur, un grand terrain attend les enfants : potager, petits fruits, verger, des poules et bien s\u00fbr, un espace pour jouer !\" \/>\n<meta property=\"og:url\" content=\"https:\/\/dujala.fr\/index.php\/le-lieu\/\" \/>\n<meta property=\"og:site_name\" content=\"DUJALA\" \/>\n<meta property=\"article:publisher\" content=\"https:\/\/www.facebook.com\/people\/Dujala\/61561464423899\/\" \/>\n<meta property=\"article:modified_time\" content=\"2026-01-13T19:58:31+00:00\" \/>\n<meta property=\"og:image\" content=\"https:\/\/dujala.fr\/wp-content\/uploads\/2024\/04\/20200531_173750-scaled.jpg\" \/>\n\t<meta property=\"og:image:width\" content=\"2560\" \/>\n\t<meta property=\"og:image:height\" content=\"1702\" \/>\n\t<meta property=\"og:image:type\" content=\"image\/jpeg\" \/>\n<meta name=\"twitter:card\" content=\"summary_large_image\" \/>\n<meta name=\"twitter:label1\" content=\"Est. reading time\" \/>\n\t<meta name=\"twitter:data1\" content=\"2 minutes\" \/>\n<script type=\"application\/ld+json\" class=\"yoast-schema-graph\">{\"@context\":\"https:\/\/schema.org\",\"@graph\":[{\"@type\":\"WebPage\",\"@id\":\"https:\/\/dujala.fr\/index.php\/le-lieu\/\",\"url\":\"https:\/\/dujala.fr\/index.php\/le-lieu\/\",\"name\":\"Le lieu - DUJALA\",\"isPartOf\":{\"@id\":\"https:\/\/dujala.fr\/#website\"},\"primaryImageOfPage\":{\"@id\":\"https:\/\/dujala.fr\/index.php\/le-lieu\/#primaryimage\"},\"image\":{\"@id\":\"https:\/\/dujala.fr\/index.php\/le-lieu\/#primaryimage\"},\"thumbnailUrl\":\"https:\/\/dujala.fr\/wp-content\/uploads\/2024\/04\/20200531_173750-1024x681.jpg\",\"datePublished\":\"2024-04-06T16:37:18+00:00\",\"dateModified\":\"2026-01-13T19:58:31+00:00\",\"breadcrumb\":{\"@id\":\"https:\/\/dujala.fr\/index.php\/le-lieu\/#breadcrumb\"},\"inLanguage\":\"en-US\",\"potentialAction\":[{\"@type\":\"ReadAction\",\"target\":[\"https:\/\/dujala.fr\/index.php\/le-lieu\/\"]}]},{\"@type\":\"ImageObject\",\"inLanguage\":\"en-US\",\"@id\":\"https:\/\/dujala.fr\/index.php\/le-lieu\/#primaryimage\",\"url\":\"https:\/\/dujala.fr\/wp-content\/uploads\/2024\/04\/20200531_173750-scaled.jpg\",\"contentUrl\":\"https:\/\/dujala.fr\/wp-content\/uploads\/2024\/04\/20200531_173750-scaled.jpg\",\"width\":2560,\"height\":1702},{\"@type\":\"BreadcrumbList\",\"@id\":\"https:\/\/dujala.fr\/index.php\/le-lieu\/#breadcrumb\",\"itemListElement\":[{\"@type\":\"ListItem\",\"position\":1,\"name\":\"Accueil\",\"item\":\"https:\/\/dujala.fr\/\"},{\"@type\":\"ListItem\",\"position\":2,\"name\":\"Le lieu\"}]},{\"@type\":\"WebSite\",\"@id\":\"https:\/\/dujala.fr\/#website\",\"url\":\"https:\/\/dujala.fr\/\",\"name\":\"DUJALA\",\"description\":\"Une pause au rythme de la nature\",\"publisher\":{\"@id\":\"https:\/\/dujala.fr\/#organization\"},\"potentialAction\":[{\"@type\":\"SearchAction\",\"target\":{\"@type\":\"EntryPoint\",\"urlTemplate\":\"https:\/\/dujala.fr\/?s={search_term_string}\"},\"query-input\":{\"@type\":\"PropertyValueSpecification\",\"valueRequired\":true,\"valueName\":\"search_term_string\"}}],\"inLanguage\":\"en-US\"},{\"@type\":\"Organization\",\"@id\":\"https:\/\/dujala.fr\/#organization\",\"name\":\"DUJALA\",\"url\":\"https:\/\/dujala.fr\/\",\"logo\":{\"@type\":\"ImageObject\",\"inLanguage\":\"en-US\",\"@id\":\"https:\/\/dujala.fr\/#\/schema\/logo\/image\/\",\"url\":\"https:\/\/dujala.fr\/wp-content\/uploads\/2024\/04\/cropped-Capture-decran-2021-01-18-143952.png\",\"contentUrl\":\"https:\/\/dujala.fr\/wp-content\/uploads\/2024\/04\/cropped-Capture-decran-2021-01-18-143952.png\",\"width\":364,\"height\":511,\"caption\":\"DUJALA\"},\"image\":{\"@id\":\"https:\/\/dujala.fr\/#\/schema\/logo\/image\/\"},\"sameAs\":[\"https:\/\/www.facebook.com\/people\/Dujala\/61561464423899\/\"]}]}<\/script>\n<!-- \/ Yoast SEO plugin. -->","yoast_head_json":{"title":"Le lieu - DUJALA","robots":{"index":"index","follow":"follow","max-snippet":"max-snippet:-1","max-image-preview":"max-image-preview:large","max-video-preview":"max-video-preview:-1"},"canonical":"https:\/\/dujala.fr\/index.php\/le-lieu\/","og_locale":"en_US","og_type":"article","og_title":"Le lieu - DUJALA","og_description":"Au coeur de la campagne entre Rennes et Foug\u00e8res, les enfants sont accueillis dans la maison familiale \u00e0 Rives-du-Couesnon 1 chambre et 1 salle de bain sont d\u00e9di\u00e9es aux enfants accueillis A l&#8217;ext\u00e9rieur, un grand terrain attend les enfants : potager, petits fruits, verger, des poules et bien s\u00fbr, un espace pour jouer !","og_url":"https:\/\/dujala.fr\/index.php\/le-lieu\/","og_site_name":"DUJALA","article_publisher":"https:\/\/www.facebook.com\/people\/Dujala\/61561464423899\/","article_modified_time":"2026-01-13T19:58:31+00:00","og_image":[{"width":2560,"height":1702,"url":"https:\/\/dujala.fr\/wp-content\/uploads\/2024\/04\/20200531_173750-scaled.jpg","type":"image\/jpeg"}],"twitter_card":"summary_large_image","twitter_misc":{"Est. reading time":"2 minutes"},"schema":{"@context":"https:\/\/schema.org","@graph":[{"@type":"WebPage","@id":"https:\/\/dujala.fr\/index.php\/le-lieu\/","url":"https:\/\/dujala.fr\/index.php\/le-lieu\/","name":"Le lieu - DUJALA","isPartOf":{"@id":"https:\/\/dujala.fr\/#website"},"primaryImageOfPage":{"@id":"https:\/\/dujala.fr\/index.php\/le-lieu\/#primaryimage"},"image":{"@id":"https:\/\/dujala.fr\/index.php\/le-lieu\/#primaryimage"},"thumbnailUrl":"https:\/\/dujala.fr\/wp-content\/uploads\/2024\/04\/20200531_173750-1024x681.jpg","datePublished":"2024-04-06T16:37:18+00:00","dateModified":"2026-01-13T19:58:31+00:00","breadcrumb":{"@id":"https:\/\/dujala.fr\/index.php\/le-lieu\/#breadcrumb"},"inLanguage":"en-US","potentialAction":[{"@type":"ReadAction","target":["https:\/\/dujala.fr\/index.php\/le-lieu\/"]}]},{"@type":"ImageObject","inLanguage":"en-US","@id":"https:\/\/dujala.fr\/index.php\/le-lieu\/#primaryimage","url":"https:\/\/dujala.fr\/wp-content\/uploads\/2024\/04\/20200531_173750-scaled.jpg","contentUrl":"https:\/\/dujala.fr\/wp-content\/uploads\/2024\/04\/20200531_173750-scaled.jpg","width":2560,"height":1702},{"@type":"BreadcrumbList","@id":"https:\/\/dujala.fr\/index.php\/le-lieu\/#breadcrumb","itemListElement":[{"@type":"ListItem","position":1,"name":"Accueil","item":"https:\/\/dujala.fr\/"},{"@type":"ListItem","position":2,"name":"Le lieu"}]},{"@type":"WebSite","@id":"https:\/\/dujala.fr\/#website","url":"https:\/\/dujala.fr\/","name":"DUJALA","description":"Une pause au rythme de la nature","publisher":{"@id":"https:\/\/dujala.fr\/#organization"},"potentialAction":[{"@type":"SearchAction","target":{"@type":"EntryPoint","urlTemplate":"https:\/\/dujala.fr\/?s={search_term_string}"},"query-input":{"@type":"PropertyValueSpecification","valueRequired":true,"valueName":"search_term_string"}}],"inLanguage":"en-US"},{"@type":"Organization","@id":"https:\/\/dujala.fr\/#organization","name":"DUJALA","url":"https:\/\/dujala.fr\/","logo":{"@type":"ImageObject","inLanguage":"en-US","@id":"https:\/\/dujala.fr\/#\/schema\/logo\/image\/","url":"https:\/\/dujala.fr\/wp-content\/uploads\/2024\/04\/cropped-Capture-decran-2021-01-18-143952.png","contentUrl":"https:\/\/dujala.fr\/wp-content\/uploads\/2024\/04\/cropped-Capture-decran-2021-01-18-143952.png","width":364,"height":511,"caption":"DUJALA"},"image":{"@id":"https:\/\/dujala.fr\/#\/schema\/logo\/image\/"},"sameAs":["https:\/\/www.facebook.com\/people\/Dujala\/61561464423899\/"]}]}},"_links":{"self":[{"href":"https:\/\/dujala.fr\/index.php\/wp-json\/wp\/v2\/pages\/10","targetHints":{"allow":["GET"]}}],"collection":[{"href":"https:\/\/dujala.fr\/index.php\/wp-json\/wp\/v2\/pages"}],"about":[{"href":"https:\/\/dujala.fr\/index.php\/wp-json\/wp\/v2\/types\/page"}],"author":[{"embeddable":true,"href":"https:\/\/dujala.fr\/index.php\/wp-json\/wp\/v2\/users\/1"}],"replies":[{"embeddable":true,"href":"https:\/\/dujala.fr\/index.php\/wp-json\/wp\/v2\/comments?post=10"}],"version-history":[{"count":8,"href":"https:\/\/dujala.fr\/index.php\/wp-json\/wp\/v2\/pages\/10\/revisions"}],"predecessor-version":[{"id":278,"href":"https:\/\/dujala.fr\/index.php\/wp-json\/wp\/v2\/pages\/10\/revisions\/278"}],"wp:attachment":[{"href":"https:\/\/dujala.fr\/index.php\/wp-json\/wp\/v2\/media?parent=10"}],"curies":[{"name":"wp","href":"https:\/\/api.w.org\/{rel}","templated":true}]}}