{"id":14,"date":"2024-04-06T18:37:02","date_gmt":"2024-04-06T16:37:02","guid":{"rendered":"https:\/\/dujala.fr\/?page_id=14"},"modified":"2026-01-13T20:57:32","modified_gmt":"2026-01-13T19:57:32","slug":"le-calendrier","status":"publish","type":"page","link":"https:\/\/dujala.fr\/index.php\/le-calendrier\/","title":{"rendered":"Calendrier et tarifs"},"content":{"rendered":"\n<p>Au fil des saisons, de nombreuses activit\u00e9s sont propos\u00e9es. Pour en d\u00e9couvrir quelques-unes, c&#8217;est <a href=\"https:\/\/dujala.fr\/index.php\/les-activites-proposees\/\" data-type=\"page\" data-id=\"56\">par ici !<\/a> <\/p>\n\n\n\n<div class=\"wp-block-group\"><div class=\"wp-block-group__inner-container is-layout-constrained wp-block-group-is-layout-constrained\">\n<div class=\"wp-block-columns is-layout-flex wp-container-core-columns-is-layout-9d6595d7 wp-block-columns-is-layout-flex\">\n<div class=\"wp-block-column is-layout-flow wp-block-column-is-layout-flow\" style=\"flex-basis:100%\">\n<div class=\"wp-block-group\"><div class=\"wp-block-group__inner-container is-layout-constrained wp-block-group-is-layout-constrained\">\n<figure class=\"wp-block-table\"><table><tbody><tr><td><strong>Prochains week-ends<\/strong><\/td><\/tr><tr><td>&#8211; 31 janvier\/1er f\u00e9vrier 2026 &#8211; 143\u20ac<br>&#8211; 7\/8 mars 2026 -143\u20ac<br>&#8211; 1\/2\/3 mai 2026 &#8211; 216\u20ac<\/td><\/tr><\/tbody><\/table><figcaption class=\"wp-element-caption\">Du vendredi 17h30 au dimanche 17h<br><\/figcaption><\/figure>\n<\/div><\/div>\n<\/div>\n<\/div>\n<\/div><\/div>\n\n\n\n<div class=\"wp-block-media-text is-stacked-on-mobile\" style=\"grid-template-columns:15% auto\"><figure class=\"wp-block-media-text__media\"><img loading=\"lazy\" decoding=\"async\" width=\"975\" height=\"684\" src=\"https:\/\/dujala.fr\/wp-content\/uploads\/2024\/06\/logo_ancv_CV.png\" alt=\"\" class=\"wp-image-228 size-full\" srcset=\"https:\/\/dujala.fr\/wp-content\/uploads\/2024\/06\/logo_ancv_CV.png 975w, https:\/\/dujala.fr\/wp-content\/uploads\/2024\/06\/logo_ancv_CV-300x210.png 300w, https:\/\/dujala.fr\/wp-content\/uploads\/2024\/06\/logo_ancv_CV-768x539.png 768w\" sizes=\"auto, (max-width: 975px) 100vw, 975px\" \/><\/figure><div class=\"wp-block-media-text__content\">\n<p>Les ch\u00e8ques-vacances sont accept\u00e9s<\/p>\n<\/div><\/div>\n\n\n\n<p>Pour toute(s) question(s), n&#8217;h\u00e9sitez pas \u00e0 <a href=\"https:\/\/dujala.fr\/index.php\/contact\/\" data-type=\"page\" data-id=\"29\">me contacter<\/a> !<\/p>\n\n\n\n<div class=\"wp-block-buttons is-layout-flex wp-block-buttons-is-layout-flex\">\n<div class=\"wp-block-button\"><a class=\"wp-block-button__link wp-element-button\" href=\"https:\/\/dujala.fr\/index.php\/contact\/\">DEMANDE D&#8217;INFORMATIONS<\/a><\/div>\n\n\n\n<div class=\"wp-block-button\"><a class=\"wp-block-button__link wp-element-button\" href=\"https:\/\/dujala.fr\/index.php\/reservation\/\">RESERVATION<\/a><\/div>\n<\/div>\n","protected":false},"excerpt":{"rendered":"<p>Au fil des saisons, de nombreuses activit\u00e9s sont propos\u00e9es. Pour en d\u00e9couvrir quelques-unes, c&#8217;est par ici ! Prochains week-ends &#8211; 31 janvier\/1er f\u00e9vrier 2026 &#8211; 143\u20ac&#8211; 7\/8 mars 2026 -143\u20ac&#8211; 1\/2\/3 mai 2026 &#8211; 216\u20ac Du vendredi 17h30 au dimanche 17h Les ch\u00e8ques-vacances sont accept\u00e9s Pour toute(s) question(s), n&#8217;h\u00e9sitez pas \u00e0 me contacter !<\/p>\n","protected":false},"author":1,"featured_media":0,"parent":0,"menu_order":0,"comment_status":"closed","ping_status":"closed","template":"","meta":{"footnotes":""},"class_list":["post-14","page","type-page","status-publish","hentry"],"yoast_head":"<!-- This site is optimized with the Yoast SEO plugin v23.6 - https:\/\/yoast.com\/wordpress\/plugins\/seo\/ -->\n<title>Calendrier et tarifs - DUJALA<\/title>\n<meta name=\"robots\" content=\"index, follow, max-snippet:-1, max-image-preview:large, max-video-preview:-1\" \/>\n<link rel=\"canonical\" href=\"https:\/\/dujala.fr\/index.php\/le-calendrier\/\" \/>\n<meta property=\"og:locale\" content=\"en_US\" \/>\n<meta property=\"og:type\" content=\"article\" \/>\n<meta property=\"og:title\" content=\"Calendrier et tarifs - DUJALA\" \/>\n<meta property=\"og:description\" content=\"Au fil des saisons, de nombreuses activit\u00e9s sont propos\u00e9es. Pour en d\u00e9couvrir quelques-unes, c&#8217;est par ici ! Prochains week-ends &#8211; 31 janvier\/1er f\u00e9vrier 2026 &#8211; 143\u20ac&#8211; 7\/8 mars 2026 -143\u20ac&#8211; 1\/2\/3 mai 2026 &#8211; 216\u20ac Du vendredi 17h30 au dimanche 17h Les ch\u00e8ques-vacances sont accept\u00e9s Pour toute(s) question(s), n&#8217;h\u00e9sitez pas \u00e0 me contacter !\" \/>\n<meta property=\"og:url\" content=\"https:\/\/dujala.fr\/index.php\/le-calendrier\/\" \/>\n<meta property=\"og:site_name\" content=\"DUJALA\" \/>\n<meta property=\"article:publisher\" content=\"https:\/\/www.facebook.com\/people\/Dujala\/61561464423899\/\" \/>\n<meta property=\"article:modified_time\" content=\"2026-01-13T19:57:32+00:00\" \/>\n<meta property=\"og:image\" content=\"https:\/\/dujala.fr\/wp-content\/uploads\/2024\/06\/logo_ancv_CV.png\" \/>\n\t<meta property=\"og:image:width\" content=\"975\" \/>\n\t<meta property=\"og:image:height\" content=\"684\" \/>\n\t<meta property=\"og:image:type\" content=\"image\/png\" \/>\n<meta name=\"twitter:card\" content=\"summary_large_image\" \/>\n<meta name=\"twitter:label1\" content=\"Est. reading time\" \/>\n\t<meta name=\"twitter:data1\" content=\"1 minute\" \/>\n<script type=\"application\/ld+json\" class=\"yoast-schema-graph\">{\"@context\":\"https:\/\/schema.org\",\"@graph\":[{\"@type\":\"WebPage\",\"@id\":\"https:\/\/dujala.fr\/index.php\/le-calendrier\/\",\"url\":\"https:\/\/dujala.fr\/index.php\/le-calendrier\/\",\"name\":\"Calendrier et tarifs - DUJALA\",\"isPartOf\":{\"@id\":\"https:\/\/dujala.fr\/#website\"},\"primaryImageOfPage\":{\"@id\":\"https:\/\/dujala.fr\/index.php\/le-calendrier\/#primaryimage\"},\"image\":{\"@id\":\"https:\/\/dujala.fr\/index.php\/le-calendrier\/#primaryimage\"},\"thumbnailUrl\":\"https:\/\/dujala.fr\/wp-content\/uploads\/2024\/06\/logo_ancv_CV.png\",\"datePublished\":\"2024-04-06T16:37:02+00:00\",\"dateModified\":\"2026-01-13T19:57:32+00:00\",\"breadcrumb\":{\"@id\":\"https:\/\/dujala.fr\/index.php\/le-calendrier\/#breadcrumb\"},\"inLanguage\":\"en-US\",\"potentialAction\":[{\"@type\":\"ReadAction\",\"target\":[\"https:\/\/dujala.fr\/index.php\/le-calendrier\/\"]}]},{\"@type\":\"ImageObject\",\"inLanguage\":\"en-US\",\"@id\":\"https:\/\/dujala.fr\/index.php\/le-calendrier\/#primaryimage\",\"url\":\"https:\/\/dujala.fr\/wp-content\/uploads\/2024\/06\/logo_ancv_CV.png\",\"contentUrl\":\"https:\/\/dujala.fr\/wp-content\/uploads\/2024\/06\/logo_ancv_CV.png\",\"width\":975,\"height\":684},{\"@type\":\"BreadcrumbList\",\"@id\":\"https:\/\/dujala.fr\/index.php\/le-calendrier\/#breadcrumb\",\"itemListElement\":[{\"@type\":\"ListItem\",\"position\":1,\"name\":\"Accueil\",\"item\":\"https:\/\/dujala.fr\/\"},{\"@type\":\"ListItem\",\"position\":2,\"name\":\"Calendrier et tarifs\"}]},{\"@type\":\"WebSite\",\"@id\":\"https:\/\/dujala.fr\/#website\",\"url\":\"https:\/\/dujala.fr\/\",\"name\":\"DUJALA\",\"description\":\"Une pause au rythme de la nature\",\"publisher\":{\"@id\":\"https:\/\/dujala.fr\/#organization\"},\"potentialAction\":[{\"@type\":\"SearchAction\",\"target\":{\"@type\":\"EntryPoint\",\"urlTemplate\":\"https:\/\/dujala.fr\/?s={search_term_string}\"},\"query-input\":{\"@type\":\"PropertyValueSpecification\",\"valueRequired\":true,\"valueName\":\"search_term_string\"}}],\"inLanguage\":\"en-US\"},{\"@type\":\"Organization\",\"@id\":\"https:\/\/dujala.fr\/#organization\",\"name\":\"DUJALA\",\"url\":\"https:\/\/dujala.fr\/\",\"logo\":{\"@type\":\"ImageObject\",\"inLanguage\":\"en-US\",\"@id\":\"https:\/\/dujala.fr\/#\/schema\/logo\/image\/\",\"url\":\"https:\/\/dujala.fr\/wp-content\/uploads\/2024\/04\/cropped-Capture-decran-2021-01-18-143952.png\",\"contentUrl\":\"https:\/\/dujala.fr\/wp-content\/uploads\/2024\/04\/cropped-Capture-decran-2021-01-18-143952.png\",\"width\":364,\"height\":511,\"caption\":\"DUJALA\"},\"image\":{\"@id\":\"https:\/\/dujala.fr\/#\/schema\/logo\/image\/\"},\"sameAs\":[\"https:\/\/www.facebook.com\/people\/Dujala\/61561464423899\/\"]}]}<\/script>\n<!-- \/ Yoast SEO plugin. -->","yoast_head_json":{"title":"Calendrier et tarifs - DUJALA","robots":{"index":"index","follow":"follow","max-snippet":"max-snippet:-1","max-image-preview":"max-image-preview:large","max-video-preview":"max-video-preview:-1"},"canonical":"https:\/\/dujala.fr\/index.php\/le-calendrier\/","og_locale":"en_US","og_type":"article","og_title":"Calendrier et tarifs - DUJALA","og_description":"Au fil des saisons, de nombreuses activit\u00e9s sont propos\u00e9es. Pour en d\u00e9couvrir quelques-unes, c&#8217;est par ici ! Prochains week-ends &#8211; 31 janvier\/1er f\u00e9vrier 2026 &#8211; 143\u20ac&#8211; 7\/8 mars 2026 -143\u20ac&#8211; 1\/2\/3 mai 2026 &#8211; 216\u20ac Du vendredi 17h30 au dimanche 17h Les ch\u00e8ques-vacances sont accept\u00e9s Pour toute(s) question(s), n&#8217;h\u00e9sitez pas \u00e0 me contacter !","og_url":"https:\/\/dujala.fr\/index.php\/le-calendrier\/","og_site_name":"DUJALA","article_publisher":"https:\/\/www.facebook.com\/people\/Dujala\/61561464423899\/","article_modified_time":"2026-01-13T19:57:32+00:00","og_image":[{"width":975,"height":684,"url":"https:\/\/dujala.fr\/wp-content\/uploads\/2024\/06\/logo_ancv_CV.png","type":"image\/png"}],"twitter_card":"summary_large_image","twitter_misc":{"Est. reading time":"1 minute"},"schema":{"@context":"https:\/\/schema.org","@graph":[{"@type":"WebPage","@id":"https:\/\/dujala.fr\/index.php\/le-calendrier\/","url":"https:\/\/dujala.fr\/index.php\/le-calendrier\/","name":"Calendrier et tarifs - DUJALA","isPartOf":{"@id":"https:\/\/dujala.fr\/#website"},"primaryImageOfPage":{"@id":"https:\/\/dujala.fr\/index.php\/le-calendrier\/#primaryimage"},"image":{"@id":"https:\/\/dujala.fr\/index.php\/le-calendrier\/#primaryimage"},"thumbnailUrl":"https:\/\/dujala.fr\/wp-content\/uploads\/2024\/06\/logo_ancv_CV.png","datePublished":"2024-04-06T16:37:02+00:00","dateModified":"2026-01-13T19:57:32+00:00","breadcrumb":{"@id":"https:\/\/dujala.fr\/index.php\/le-calendrier\/#breadcrumb"},"inLanguage":"en-US","potentialAction":[{"@type":"ReadAction","target":["https:\/\/dujala.fr\/index.php\/le-calendrier\/"]}]},{"@type":"ImageObject","inLanguage":"en-US","@id":"https:\/\/dujala.fr\/index.php\/le-calendrier\/#primaryimage","url":"https:\/\/dujala.fr\/wp-content\/uploads\/2024\/06\/logo_ancv_CV.png","contentUrl":"https:\/\/dujala.fr\/wp-content\/uploads\/2024\/06\/logo_ancv_CV.png","width":975,"height":684},{"@type":"BreadcrumbList","@id":"https:\/\/dujala.fr\/index.php\/le-calendrier\/#breadcrumb","itemListElement":[{"@type":"ListItem","position":1,"name":"Accueil","item":"https:\/\/dujala.fr\/"},{"@type":"ListItem","position":2,"name":"Calendrier et tarifs"}]},{"@type":"WebSite","@id":"https:\/\/dujala.fr\/#website","url":"https:\/\/dujala.fr\/","name":"DUJALA","description":"Une pause au rythme de la nature","publisher":{"@id":"https:\/\/dujala.fr\/#organization"},"potentialAction":[{"@type":"SearchAction","target":{"@type":"EntryPoint","urlTemplate":"https:\/\/dujala.fr\/?s={search_term_string}"},"query-input":{"@type":"PropertyValueSpecification","valueRequired":true,"valueName":"search_term_string"}}],"inLanguage":"en-US"},{"@type":"Organization","@id":"https:\/\/dujala.fr\/#organization","name":"DUJALA","url":"https:\/\/dujala.fr\/","logo":{"@type":"ImageObject","inLanguage":"en-US","@id":"https:\/\/dujala.fr\/#\/schema\/logo\/image\/","url":"https:\/\/dujala.fr\/wp-content\/uploads\/2024\/04\/cropped-Capture-decran-2021-01-18-143952.png","contentUrl":"https:\/\/dujala.fr\/wp-content\/uploads\/2024\/04\/cropped-Capture-decran-2021-01-18-143952.png","width":364,"height":511,"caption":"DUJALA"},"image":{"@id":"https:\/\/dujala.fr\/#\/schema\/logo\/image\/"},"sameAs":["https:\/\/www.facebook.com\/people\/Dujala\/61561464423899\/"]}]}},"_links":{"self":[{"href":"https:\/\/dujala.fr\/index.php\/wp-json\/wp\/v2\/pages\/14","targetHints":{"allow":["GET"]}}],"collection":[{"href":"https:\/\/dujala.fr\/index.php\/wp-json\/wp\/v2\/pages"}],"about":[{"href":"https:\/\/dujala.fr\/index.php\/wp-json\/wp\/v2\/types\/page"}],"author":[{"embeddable":true,"href":"https:\/\/dujala.fr\/index.php\/wp-json\/wp\/v2\/users\/1"}],"replies":[{"embeddable":true,"href":"https:\/\/dujala.fr\/index.php\/wp-json\/wp\/v2\/comments?post=14"}],"version-history":[{"count":27,"href":"https:\/\/dujala.fr\/index.php\/wp-json\/wp\/v2\/pages\/14\/revisions"}],"predecessor-version":[{"id":277,"href":"https:\/\/dujala.fr\/index.php\/wp-json\/wp\/v2\/pages\/14\/revisions\/277"}],"wp:attachment":[{"href":"https:\/\/dujala.fr\/index.php\/wp-json\/wp\/v2\/media?parent=14"}],"curies":[{"name":"wp","href":"https:\/\/api.w.org\/{rel}","templated":true}]}}